{"id":25033,"date":"2021-04-06T11:06:58","date_gmt":"2021-04-06T08:06:58","guid":{"rendered":"https:\/\/www.corfutouristservices.gr\/about-corfu-copy\/"},"modified":"2021-04-13T12:48:34","modified_gmt":"2021-04-13T09:48:34","slug":"about-corfu","status":"publish","type":"page","link":"https:\/\/www.corfutouristservices.gr\/hu\/about-corfu\/","title":{"rendered":"KORFUR\u00d3L"},"content":{"rendered":"<p>[vc_row css=&#8221;.vc_custom_1476800663903{padding-top: 60px !important;padding-bottom: 60px !important;}&#8221;][vc_column css=&#8221;.vc_custom_1477045552088{padding-top: 40px !important;padding-bottom: px !important;}&#8221; el_class=&#8221;about-cfu&#8221;]<div class=\"slz-shortcode block-title-136699424969f57cbeddbcc \">\r\n<h3 class=\"title-style-2\">KORFU \u2013 A Smaragd-sziget<\/h3><\/div>\r\n[vc_column_text css=&#8221;.vc_custom_1617696707385{margin-bottom: 15px !important;}&#8221;]<\/p>\n<p style=\"text-align: center;\">G\u00f6r\u00f6gorsz\u00e1g egyik legvar\u00e1zslatosabb szigete (g\u00f6r\u00f6g\u00fcl Kerkyra) az orsz\u00e1g \u00e9szaknyugati r\u00e9sz\u00e9n, a J\u00f3n- \u00e9s az Adriai-tenger tal\u00e1lkoz\u00e1s\u00e1n\u00e1l fekv\u0151 h\u00e9ttag\u00fa J\u00f3n szigetcsoport t\u00f6rt\u00e9nelmi k\u00f6zpontja. Korfu popul\u00e1ci\u00f3ja hozz\u00e1vet\u0151legesen 112,000 f\u0151. K\u00f6z\u00f6ss\u00e9g\u00e9hez az Erikusza, az Othoni \u00e9s a Mathr\u00e1ki szigetek is hozz\u00e1tartoznak.<\/p>\n<p>[\/vc_column_text][vc_single_image image=&#8221;1416&#8243; img_size=&#8221;large&#8221; alignment=&#8221;center&#8221;][vc_row_inner][vc_column_inner width=&#8221;1\/2&#8243;][vc_column_text css=&#8221;.vc_custom_1617696790780{margin-bottom: 15px !important;}&#8221;]A mitol\u00f3gia szerint nev\u00e9t Asz\u00f3posz \u00e9s Met\u00f3p\u00e9 l\u00e1ny\u00e1r\u00f3l, Kerk\u00fcr\u00e1r\u00f3l kapta.<br \/>\nPoszeid\u00f3n, a tengerek istene v\u00e9gtelen\u00fcl szerelmes lett Kerk\u00fcra nimf\u00e1ba, ez\u00e9rt elrabolta \u0151t csal\u00e1dj\u00e1t\u00f3l. A szerelmesp\u00e1r egy lakatlan szigeten h\u00e1zasodott \u00f6ssze, \u00e9s Poszeid\u00f3n h\u00e1zass\u00e1gi aj\u00e1nd\u00e9kk\u00e9nt Kerk\u00fcr\u00e1nak nevezte el a szigetet.<\/p>\n<p>Kerk\u00fcr\u00e1nak \u00e9s Poszeid\u00f3nnak egyetlen gyermeke sz\u00fcletett, aki a Phaiax nevet kapta, ami megmagyar\u00e1zza a sziget lak\u00f3inak kev\u00e9sb\u00e9 ismert elnevez\u00e9s\u00e9t, a phai\u00e1kok nevet. V\u00e9g\u00fcl a sziget neve \u00e1talakult a d\u00f3r g\u00f6r\u00f6g dialektusnak k\u00f6sz\u00f6nhet\u0151en, \u00e9s \u00edgy v\u00e1lt a ma ismert Kerkyra-v\u00e1, azaz Korfuv\u00e1.<\/p>\n<p>A Kerkyra n\u00e9v t\u00f6bbnyire csak a g\u00f6r\u00f6g\u00f6k \u00e1ltal ismert, a k\u00fclf\u00f6ldiek Korfuk\u00e9nt emlegetik a tengercseppet, amely a sziget biz\u00e1nckori nev\u00e9b\u0151l, a \u201eCorfyo\u201d-b\u00f3l ered. A sz\u00f3 a k\u00e9t hegycs\u00facsra utal, amely a kik\u00f6t\u0151 kapuj\u00e1ba \u00e9rve els\u0151k\u00e9nt t\u00e1rul a tengeren kereszt\u00fcl \u00e9rkez\u0151 vend\u00e9gek szeme el\u00e9.<\/p>\n<p>Mint G\u00f6r\u00f6gorsz\u00e1g egyik legz\u00f6ldebb szigete, Korfu h\u00edress\u00e9 v\u00e1lt sz\u00ednpomp\u00e1s, term\u00e9szetes \u00e9l\u0151vil\u00e1g\u00e1r\u00f3l \u00e9s sz\u00e1mtalan olajf\u00e1j\u00e1r\u00f3l.<br \/>\n[\/vc_column_text][\/vc_column_inner][vc_column_inner width=&#8221;1\/2&#8243;][vc_column_text css=&#8221;.vc_custom_1617696833394{margin-bottom: 15px !important;}&#8221;]Minden \u00e9vben turist\u00e1k ezrei l\u00e1togatnak el a soksz\u00edn\u0171 szigetre, hogy megcsod\u00e1lhass\u00e1k annak le\u00edrhatatlan gy\u00f6ny\u00f6r\u0171s\u00e9g\u00e9t, kiv\u00e9teles \u00e9p\u00edt\u00e9szeti st\u00edlus\u00e1t, kultur\u00e1lis \u00f6r\u00f6ks\u00e9geit \u00e9s leny\u0171g\u00f6z\u0151 l\u00e1tk\u00e9p\u00e9t.<\/p>\n<p>1623-ban, amikor Korfut megsz\u00e1llt\u00e1k a velenceiek, rengeteg olajfa\u00fcltetv\u00e9nyt l\u00e9tes\u00edtettek, aminek k\u00f6sz\u00f6nhet\u0151en a helyiek el\u0151szeretettel termesztik ma is saj\u00e1t ol\u00edvaolajukat.<\/p>\n<p>Korfu tem\u00e9rdek t\u00f6rt\u00e9nelmileg jelent\u0151s l\u00e1tnival\u00f3t tartogat az ide \u00e9rkez\u0151k sz\u00e1m\u00e1ra, amely m\u00e9g misztikusabb\u00e1 teszi \u00fatic\u00e9lk\u00e9nt. R\u00e1ad\u00e1sul Korfuv\u00e1ros t\u00f6rt\u00e9nelmi k\u00f6zpontja az UNESCO Vil\u00e1g\u00f6r\u00f6ks\u00e9gi list\u00e1j\u00e1ra is felker\u00fclt 2007-ben.<\/p>\n<p>A tengerpart \u00e9s a t\u00fcrk\u00edzk\u00e9k tengerv\u00edzzel \u00f6vezett k\u00fcl\u00f6nleges strandok biztos\u00edtj\u00e1k az \u00f6nfeledt pihen\u00e9st m\u00e9g a legig\u00e9nyesebb vend\u00e9gek sz\u00e1m\u00e1ra is.<br \/>\nAzt mondj\u00e1k, az emberek alak\u00edtj\u00e1k a helyet, \u00e9s a korfuiak lelkesen v\u00e1rj\u00e1k, hogy megmutathass\u00e1k vend\u00e9gszeretet\u00fcket, kedvess\u00e9g\u00fcket \u00e9s egyedi kult\u00far\u00e1jukat.<br \/>\n[\/vc_column_text][\/vc_column_inner][\/vc_row_inner][\/vc_column][\/vc_row][vc_row full_width=&#8221;stretch_row&#8221; el_class=&#8221;slz-bg_parallax&#8221; css=&#8221;.vc_custom_1477327512248{padding-top: 100px !important;padding-bottom: 100px !important;background-image: url(https:\/\/www.corfutouristservices.gr\/wp-content\/uploads\/2016\/10\/corfu-agios-georgios-holy-temple.jpg?id=1622) !important;}&#8221;][vc_column css=&#8221;.vc_custom_1463036613861{padding-top: 0px !important;}&#8221;]<div class=\"slz-shortcode block-title-86789536169f57cbedde4a \">\r\n<h3 class=\"title-style-2\">KORFU \u00e9s a T\u00d6RT\u00c9NELEM<\/h3><\/div>\r\n[vc_row_inner][vc_column_inner width=&#8221;1\/2&#8243;][vc_column_text]<span style=\"color: #ffffff;\">A sziget ritka sz\u00e9ps\u00e9g\u00e9nek \u00e9s ide\u00e1lis strat\u00e9giai elhelyezked\u00e9s\u00e9nek k\u00f6sz\u00f6nhet\u0151en az id\u0151k kezdete \u00f3ta mindig is az uralkod\u00f3k figyelm\u00e9nek k\u00f6z\u00e9ppontj\u00e1ban volt. Ez magyar\u00e1zza a szigetet \u00e9rint\u0151 rengeteg h\u00f3d\u00edt\u00f3 hadj\u00e1rat ok\u00e1t.<\/span>[\/vc_column_text]<a href=\"https:\/\/www.corfutouristservices.gr\/hu\/about-corfu\/the-history-of-corfu\/\"   class=\"slz-shortcode btn btn-maincolor btn-maincolor-153383722969f57cbede009 \">Learn More<\/a>[\/vc_column_inner][vc_column_inner width=&#8221;1\/2&#8243;][\/vc_column_inner][\/vc_row_inner][\/vc_column][\/vc_row][vc_row full_width=&#8221;stretch_row&#8221; css=&#8221;.vc_custom_1476806023460{padding-top: 60px !important;padding-bottom: 80px !important;}&#8221;][vc_column css=&#8221;.vc_custom_1463045486032{padding-top: 40px !important;padding-bottom: px !important;}&#8221;][vc_row_inner][vc_column_inner width=&#8221;1\/2&#8243;][vc_empty_space][vc_single_image image=&#8221;1625&#8243; img_size=&#8221;large&#8221;][\/vc_column_inner][vc_column_inner width=&#8221;1\/2&#8243;]<div class=\"slz-shortcode block-title-122550225169f57cbede1de \">\r\n<h3 class=\"title-style-2\">M\u00daZEUMOK<\/h3><\/div>\r\n[vc_column_text css=&#8221;.vc_custom_1617697708728{margin-bottom: 15px !important;}&#8221;]Megannyi m\u00fazeuma \u00e9s \u00e9p\u00edt\u00e9szeti kincse a t\u00f6rt\u00e9nelem \u00e9s m\u0171v\u00e9szet szerelmeseinek k\u00edn\u00e1l szemet gy\u00f6ny\u00f6rk\u00f6dtet\u0151 elfoglalts\u00e1got, ezekb\u0151l a legkiemelked\u0151bbek:[\/vc_column_text]<div class=\"slz-shortcode group-list \"><ul class=\"list-unstyled about-us-list\"><li><p class=\"text\">R\u00e9g\u00e9szeti M\u00fazeum Garitsa Bay \u2013 Korfuv\u00e1ros<\/p><\/li><li><p class=\"text\">Achilleion Palota \u2013 Gastouri<\/p><\/li><li><p class=\"text\">\u00c1zsia M\u0171v\u00e9szeti M\u00fazeum, Szent J\u00e1nos \u00e9s Szent Mih\u00e1ly Brit Palota \u2013 Korfuv\u00e1ros<\/p><\/li><li><p class=\"text\">Biz\u00e1nci M\u0171v\u00e9szeti M\u00fazeum, Antivouniotissa Templom \u2013 Korfuv\u00e1ros<\/p><\/li><li><p class=\"text\">Casa Parlante \u2013 Korfuv\u00e1ros<\/p><\/li><li><p class=\"text\">Solomos M\u00fazeum \u2013 Korfuv\u00e1ros<\/p><\/li><li><p class=\"text\">Szerb M\u00fazeum \u2013 Korfuv\u00e1ros<\/p><\/li><\/ul><\/div>[vc_empty_space height=&#8221;15px&#8221;]<a href=\"https:\/\/www.corfutouristservices.gr\/hu\/about-corfu\/museums-in-corfu\/\"   class=\"slz-shortcode btn btn-maincolor btn-maincolor-116151921569f57cbede504 \">Tudj meg t\u00f6bbet<\/a>[\/vc_column_inner][\/vc_row_inner][\/vc_column][\/vc_row][vc_row full_width=&#8221;stretch_row&#8221; css=&#8221;.vc_custom_1476808696417{padding-top: 60px !important;padding-bottom: 80px !important;background-image: url(https:\/\/www.corfutouristservices.gr\/wp-content\/uploads\/2016\/10\/Museum_of_Asian_art.jpg?id=1642) !important;}&#8221; el_class=&#8221;slz-md_parallax&#8221;][vc_column css=&#8221;.vc_custom_1463045486032{padding-top: 40px !important;padding-bottom: px !important;}&#8221;][vc_row_inner][vc_column_inner width=&#8221;1\/2&#8243;]<div class=\"slz-shortcode block-title-179718902269f57cbede6c8 \">\r\n<h3 class=\"title-style-2\">F\u0150BB L\u00c1TNIVAL\u00d3K<\/h3><\/div>\r\n[vc_column_text css=&#8221;.vc_custom_1617697968105{margin-bottom: 15px !important;}&#8221;]Korfu rengeteg felfedez\u00e9sre v\u00e1r\u00f3 k\u00fcl\u00f6nleges hely\u00e9b\u0151l a legkedveltebb turistal\u00e1tv\u00e1nyoss\u00e1gok:[\/vc_column_text]<div class=\"slz-shortcode group-list \"><ul class=\"list-unstyled about-us-list\"><li><p class=\"text\">Achilleion Palota<\/p><\/li><li><p class=\"text\">Kanoni<\/p><\/li><li><p class=\"text\">R\u00e9gi \u00e9s \u00daj Er\u0151d\u00f6k<\/p><\/li><li><p class=\"text\">Angelokastro, Kassiopi \u00e9s Gardiki v\u00e1rak<\/p><\/li><li><p class=\"text\">Canal D\u2019amour<\/p><\/li><li><p class=\"text\">Mon Repos <\/p><\/li><li><p class=\"text\">Liston \u00e9s Spianada t\u00e9r<\/p><\/li><\/ul><\/div>[vc_empty_space height=&#8221;15px&#8221;]<a href=\"https:\/\/www.corfutouristservices.gr\/hu\/about-corfu\/places-to-visit-in-corfu\/\"   class=\"slz-shortcode btn btn-maincolor btn-maincolor-32967825669f57cbede9e3 \">Tudj meg t\u00f6bbet<\/a>[\/vc_column_inner][vc_column_inner width=&#8221;1\/2&#8243;][vc_empty_space][vc_single_image image=&#8221;1634&#8243; img_size=&#8221;large&#8221;][\/vc_column_inner][\/vc_row_inner][\/vc_column][\/vc_row][vc_row full_width=&#8221;stretch_row_content_no_spaces&#8221; el_class=&#8221;slz-bg_parallax&#8221; css=&#8221;.vc_custom_1476809632123{padding-bottom: 100px !important;}&#8221;][vc_column]<div class=\"slz-shortcode videos layout-2 padding-top banner-98794207269f57cbedebc1 \"><div class=\"container\"><div class=\"row\"><div class=\"col-md-8 col-md-offset-2\"><div class=\"video-wrapper\"><h2 style=\"text-align: center\">\u00dcNNEPEK<\/h2>\n<p style=\"text-align: center\">Korfu sz\u00e9les k\u00f6rben kedvelt \u00fatic\u00e9l sz\u00e1mos kihagyhatatlan \u00fcnnep\u00e9nek, fesztiv\u00e1lj\u00e1nak \u00e9s j\u00f3l ismert hagyom\u00e1nyainak k\u00f6sz\u00f6nhet\u0151en, mint pl. a h\u00fasv\u00e9t, amely kiemelkedik ezek k\u00f6z\u00fcl.<\/p>\n<p style=\"text-align: center\"><a class=\"slz-shortcode btn btn-maincolor btn-maincolor-2946838615809dbefa0402 \" style=\"background-color: #dec04f !important;border: 1px solid #dec04f !important\" href=\"https:\/\/www.corfutouristservices.gr\/hu\/about-corfu\/celebrations-in-corfu\/\">Tudj meg t\u00f6bbet<\/a><\/p>\n<div class=\"video-thumbnail\">\r\n\t\t\t\t\t<div class=\"video-bg\">\r\n\t\t\t\t\t\t<img src=\"https:\/\/www.corfutouristservices.gr\/wp-content\/uploads\/2016\/10\/cfu-easter-front.jpg\" alt=\"\" class=\"img-responsive\">\r\n\t\t\t\t\t<\/div>\r\n\t\t\t\t\t<div class=\"video-button-play\"><i class=\"icons fa fa-play\"><\/i><\/div>\r\n\t\t\t\t\t<div class=\"video-button-close\"><\/div>\r\n\t\t\t\t\t<iframe src=\"https:\/\/www.youtube.com\/embed\/a?rel=0\" allowfullscreen=\"allowfullscreen\" class=\"video-embed\"><\/iframe>\r\n\t\t\t\t\t<\/div><\/div><\/div><\/div><\/div><\/div>[\/vc_column][\/vc_row][vc_row full_width=&#8221;stretch_row&#8221; css=&#8221;.vc_custom_1477044446323{padding-top: 30px !important;padding-bottom: 80px !important;}&#8221;][vc_column css=&#8221;.vc_custom_1463045486032{padding-top: 40px !important;padding-bottom: px !important;}&#8221;][vc_row_inner][vc_column_inner width=&#8221;1\/2&#8243;][vc_single_image image=&#8221;1657&#8243; img_size=&#8221;large&#8221;][\/vc_column_inner][vc_column_inner width=&#8221;1\/2&#8243;][vc_empty_space height=&#8221;83px&#8221;]<div class=\"slz-shortcode block-title-164006503169f57cbedf193 \">\r\n<h3 class=\"title-style-2\">A KORFUI KONYHA<\/h3><\/div>\r\n[vc_column_text css=&#8221;.vc_custom_1477043430929{margin-bottom: 15px !important;}&#8221;]Corfiot Cuisine is considered to be neither too spicy, nor bland and the food can be described with one word &#8211; delightful. What makes the island\u2019s cuisine so special is mostly the influence of the Venetian domination from the past that have left behind many recipes, changed the eating of the island\u2019s inhabitants and created the traditions as we know them today.[\/vc_column_text][vc_empty_space height=&#8221;15px&#8221;]<a href=\"https:\/\/www.corfutouristservices.gr\/hu\/about-corfu\/corfu-cuisine\/\"   class=\"slz-shortcode btn btn-maincolor btn-maincolor-164436011969f57cbedf34d \">Tudj meg t\u00f6bbet<\/a>[\/vc_column_inner][\/vc_row_inner][\/vc_column][\/vc_row]<\/p>\n","protected":false},"excerpt":{"rendered":"<p>[vc_row css=&#8221;.vc_custom_1476800663903{padding-top: 60px !important;padding-bottom: 60px !important;}&#8221;][vc_column css=&#8221;.vc_custom_1477045552088{padding-top: 40px !important;padding-bottom: px !important;}&#8221; el_class=&#8221;about-cfu&#8221;][vc_column_text css=&#8221;.vc_custom_1617696707385{margin-bottom: 15px !important;}&#8221;] G\u00f6r\u00f6gorsz\u00e1g egyik legvar\u00e1zslatosabb szigete (g\u00f6r\u00f6g\u00fcl Kerkyra) az orsz\u00e1g \u00e9szaknyugati r\u00e9sz\u00e9n, a J\u00f3n- \u00e9s az Adriai-tenger tal\u00e1lkoz\u00e1s\u00e1n\u00e1l fekv\u0151 h\u00e9ttag\u00fa J\u00f3n szigetcsoport t\u00f6rt\u00e9nelmi k\u00f6zpontja. Korfu popul\u00e1ci\u00f3ja hozz\u00e1vet\u0151legesen 112,000 f\u0151. K\u00f6z\u00f6ss\u00e9g\u00e9hez az Erikusza, az Othoni \u00e9s a Mathr\u00e1ki szigetek is hozz\u00e1tartoznak. [\/vc_column_text][vc_single_image image=&#8221;1416&#8243; [&hellip;]<\/p>\n","protected":false},"author":1,"featured_media":0,"parent":0,"menu_order":0,"comment_status":"closed","ping_status":"closed","template":"","meta":[],"_links":{"self":[{"href":"https:\/\/www.corfutouristservices.gr\/hu\/wp-json\/wp\/v2\/pages\/25033\/"}],"collection":[{"href":"https:\/\/www.corfutouristservices.gr\/hu\/wp-json\/wp\/v2\/pages\/"}],"about":[{"href":"https:\/\/www.corfutouristservices.gr\/hu\/wp-json\/wp\/v2\/types\/page\/"}],"author":[{"embeddable":true,"href":"https:\/\/www.corfutouristservices.gr\/hu\/wp-json\/wp\/v2\/users\/1\/"}],"replies":[{"embeddable":true,"href":"https:\/\/www.corfutouristservices.gr\/hu\/wp-json\/wp\/v2\/comments\/?post=25033"}],"version-history":[{"count":13,"href":"https:\/\/www.corfutouristservices.gr\/hu\/wp-json\/wp\/v2\/pages\/25033\/revisions\/"}],"predecessor-version":[{"id":25733,"href":"https:\/\/www.corfutouristservices.gr\/hu\/wp-json\/wp\/v2\/pages\/25033\/revisions\/25733\/"}],"wp:attachment":[{"href":"https:\/\/www.corfutouristservices.gr\/hu\/wp-json\/wp\/v2\/media\/?parent=25033"}],"curies":[{"name":"wp","href":"https:\/\/api.w.org\/{rel}","templated":true}]}}