{"id":25227,"date":"2021-04-06T16:26:56","date_gmt":"2021-04-06T13:26:56","guid":{"rendered":"https:\/\/www.corfutouristservices.gr\/saint-spyridon-the-keeper-of-corfu-copy\/"},"modified":"2021-04-13T15:04:08","modified_gmt":"2021-04-13T12:04:08","slug":"saint-spyridon-the-keeper-of-corfu","status":"publish","type":"page","link":"https:\/\/www.corfutouristservices.gr\/hu\/saint-spyridon-the-keeper-of-corfu\/","title":{"rendered":"SZENT SPYRIDON KORFUN"},"content":{"rendered":"<p>[vc_row full_width=&#8221;stretch_row&#8221; css=&#8221;.vc_custom_1476806023460{padding-top: 60px !important;padding-bottom: 80px !important;}&#8221;][vc_column css=&#8221;.vc_custom_1463045486032{padding-top: 40px !important;padding-bottom: px !important;}&#8221;][vc_row_inner][vc_column_inner width=&#8221;1\/2&#8243;][vc_empty_space][vc_single_image image=&#8221;3150&#8243; img_size=&#8221;large&#8221;][\/vc_column_inner][vc_column_inner width=&#8221;1\/2&#8243; css=&#8221;.vc_custom_1490783378269{margin-top: 155px !important;}&#8221;][vc_column_text]Szent Spyridon a 4. sz\u00e1zadban sz\u00fcletett Askeia-ban, Cipruson. N\u0151s volt, l\u00e1ny\u00e1t Irene-nek nevezte el, \u00e9s p\u00e1sztork\u00e9nt dolgozott. Feles\u00e9ge hal\u00e1lakor \u00fagy d\u00f6nt\u00f6tt, hogy Istennek szenteli \u00e9let\u00e9t. Ezt k\u00f6vet\u0151en \u0151t v\u00e1lasztott\u00e1k Trimithosz p\u00fcsp\u00f6k\u00e9v\u00e9. Ismert volt Isten ir\u00e1nti elk\u00f6telezetts\u00e9g\u00e9r\u0151l, az emberek ir\u00e1nti szeretet\u00e9r\u0151l, egyszer\u0171 \u00e9letm\u00f3dj\u00e1r\u00f3l \u00e9s al\u00e1zatoss\u00e1g\u00e1r\u00f3l. A legfontosabb azonban, hogy mind a nyugati, mind a keleti egyh\u00e1zban ismert volt, \u00e9s tiszteletben tartotta a csod\u00e1k sokf\u00e9les\u00e9g\u00e9t, bele\u00e9rtve az elhunytak felt\u00e1mad\u00e1s\u00e1t is.[\/vc_column_text][\/vc_column_inner][\/vc_row_inner][\/vc_column][\/vc_row][vc_row full_width=&#8221;stretch_row&#8221; el_class=&#8221;slz-bg_parallax&#8221; css=&#8221;.vc_custom_1493201914971{padding-top: 100px !important;padding-bottom: 100px !important;background-image: url(https:\/\/www.corfutouristservices.gr\/wp-content\/uploads\/2017\/03\/saint-spiridon-corfu.jpg?id=3580) !important;}&#8221;][vc_column css=&#8221;.vc_custom_1463036613861{padding-top: 0px !important;}&#8221;][vc_row_inner][vc_column_inner width=&#8221;1\/2&#8243;][vc_column_text css=&#8221;.vc_custom_1617715950570{margin-bottom: 15px !important;}&#8221;]<span style=\"color: #ffffff;\">Szent Spyridon b\u00e9k\u00e9sen hunyt el 348. december 12-\u00e9n. Ez a nap ker\u00fclt be a vall\u00e1si t\u00f6rt\u00e9nelemk\u00f6nyvekbe, \u00e9s a korfuiak ma is ezen a napon fejezik ki a szent ir\u00e1nti tisztelet\u00fcket. <\/span><\/p>\n<p><span style=\"color: #ffffff;\">Csod\u00e1val hat\u00e1ros m\u00f3don teste a jobb kez\u00e9n k\u00edv\u00fcl \u00e9rintetlen maradt. Figyelemre m\u00e9lt\u00f3bb tov\u00e1bb\u00e1 az, hogy erekly\u00e9je fenntartja az \u00e9l\u0151 test h\u0151m\u00e9rs\u00e9klet\u00e9t.<\/span>[\/vc_column_text][\/vc_column_inner][vc_column_inner width=&#8221;1\/2&#8243;][\/vc_column_inner][\/vc_row_inner][\/vc_column][\/vc_row][vc_row full_width=&#8221;stretch_row&#8221; css=&#8221;.vc_custom_1490786919990{padding-top: 60px !important;padding-bottom: 80px !important;}&#8221; el_class=&#8221;slz-md_parallax&#8221;][vc_column css=&#8221;.vc_custom_1463045486032{padding-top: 40px !important;padding-bottom: px !important;}&#8221;][vc_row_inner][vc_column_inner width=&#8221;1\/2&#8243;][vc_single_image image=&#8221;7822&#8243; img_size=&#8221;large&#8221;][\/vc_column_inner][vc_column_inner width=&#8221;1\/2&#8243; css=&#8221;.vc_custom_1490783610121{margin-top: 90px !important;}&#8221;][vc_empty_space][vc_column_text css=&#8221;.vc_custom_1617716023530{margin-bottom: 15px !important;}&#8221;]Erekly\u00e9i a 7. sz\u00e1zadig maradtak Cipruson, majd Konstantin\u00e1polyba helyezt\u00e9k \u00e1t \u0151ket. K\u00f6zvetlen\u00fcl a v\u00e1ros buk\u00e1sa ut\u00e1n test\u00e9t \u2013 Szent Theodora erekly\u00e9ivel egy\u00fctt \u2013 ism\u00e9t elmozd\u00edtott\u00e1k, amelyek \u00edgy jutottak el Korfu sziget\u00e9re Georgios Kalohairetis pap oltalma alatt.<\/p>\n<p>Kezdetben az erekly\u00e9ket Szent Athanasios templom\u00e1ban helyezt\u00e9k el. Georgios fia, Markos \u00f6r\u00f6k\u00f6lte Szent Theodora erekly\u00e9it, \u00e9s 1483-ban Korfu k\u00f6z\u00f6ss\u00e9g\u00e9nek adom\u00e1nyozta azokat.<br \/>\n[\/vc_column_text][\/vc_column_inner][\/vc_row_inner][\/vc_column][\/vc_row][vc_row full_width=&#8221;stretch_row_content_no_spaces&#8221; el_class=&#8221;slz-bg_parallax&#8221; css=&#8221;.vc_custom_1476809632123{padding-bottom: 100px !important;}&#8221;][vc_column]<div class=\"slz-shortcode videos layout-2 padding-top banner-175071691669f5553177ecf \"><div class=\"container\"><div class=\"row\"><div class=\"col-md-8 col-md-offset-2\"><div class=\"video-wrapper\"><p style=\"text-align: center\">Szent Spyridon erekly\u00e9it Georgios t\u00f6bbi fia, Loukas \u00e9s Filippos \u00f6r\u00f6k\u00f6lte. A fi\u00fak kis h\u00edj\u00e1n elk\u00f3tyavety\u00e9lt\u00e9k az erekly\u00e9ket, \u00e1m a helyiek ellen\u00e1ll\u00e1sa miatt meggondolt\u00e1k magukat, \u00e9s \u00e1tadt\u00e1k azokat Filippos l\u00e1ny\u00e1nak, Asimin\u00e1nak, aki 1520-ban feles\u00e9g\u00fcl ment Stamatello Voulgarihoz. \u00cdgy 1925-ig a Voulgaris csal\u00e1d kincst\u00e1r\u00e1nak tulajdon\u00e1t k\u00e9pezt\u00e9k az erekly\u00e9k. Az erekly\u00e9ket t\u00f6bbsz\u00f6r k\u00f6lt\u00f6ztett\u00e9k \u00e1t k\u00fcl\u00f6nb\u00f6z\u0151 templomokba a t\u00f6r\u00f6k\u00f6kt\u0151l megv\u00e9dve, v\u00e9g\u00fcl az 1589-ben felavatott Szent Spyridon templom\u00e1ban helyezt\u00e9k el azokat, amelyeket a mai napig ott \u0151rzinek.<\/p>\n<div class=\"video-thumbnail\">\r\n\t\t\t\t\t<div class=\"video-bg\">\r\n\t\t\t\t\t\t<img src=\"https:\/\/www.corfutouristservices.gr\/wp-content\/uploads\/2018\/02\/saint-spyridon-2.jpg\" alt=\"\" class=\"img-responsive\">\r\n\t\t\t\t\t<\/div>\r\n\t\t\t\t\t<div class=\"video-button-play\"><i class=\"icons fa fa-play\"><\/i><\/div>\r\n\t\t\t\t\t<div class=\"video-button-close\"><\/div>\r\n\t\t\t\t\t<iframe src=\"https:\/\/www.youtube.com\/embed\/a?rel=0\" allowfullscreen=\"allowfullscreen\" class=\"video-embed\"><\/iframe>\r\n\t\t\t\t\t<\/div><\/div><\/div><\/div><\/div><\/div>[\/vc_column][\/vc_row][vc_row full_width=&#8221;stretch_row&#8221; css=&#8221;.vc_custom_1477044446323{padding-top: 30px !important;padding-bottom: 80px !important;}&#8221;][vc_column css=&#8221;.vc_custom_1463045486032{padding-top: 40px !important;padding-bottom: px !important;}&#8221;][vc_row_inner][vc_column_inner width=&#8221;1\/2&#8243;][vc_single_image image=&#8221;3145&#8243; img_size=&#8221;large&#8221;][\/vc_column_inner][vc_column_inner width=&#8221;1\/2&#8243; css=&#8221;.vc_custom_1490783724536{margin-top: 60px !important;}&#8221;][vc_empty_space height=&#8221;83px&#8221;][vc_column_text css=&#8221;.vc_custom_1617716103741{margin-bottom: 15px !important;}&#8221;]Korfu n\u00e9pe tiszteli \u00e9s im\u00e1dja a v\u00e1ros \u0151rz\u0151j\u00e9nek tartott Szent Spyridont. Ez magyar\u00e1zat arra, hogy mi\u00e9rt van Korfun minden csal\u00e1dnak egy, a szentr\u0151l elnevezett tagja.<\/p>\n<p>A szigetnek sok neh\u00e9zs\u00e9ggel kellett szemben\u00e9znie, amelyeken Szent Spyridon seg\u00edtette \u00e1t. 1553-ban megmentette a szigetet az \u00e9h\u00edns\u00e9gt\u0151l, 1630-ban a pestist\u0151l, majd 1673-ban ezt \u00fajra megtette. 1716-ban megakad\u00e1lyozta az Oszm\u00e1n Birodalom fenyeget\u0151 ostrom\u00e1t.<br \/>\n[\/vc_column_text][\/vc_column_inner][\/vc_row_inner][\/vc_column][\/vc_row][vc_row full_width=&#8221;stretch_row&#8221; css=&#8221;.vc_custom_1490786942320{padding-top: 60px !important;padding-bottom: 80px !important;background-color: #f3f3f3 !important;}&#8221; el_class=&#8221;slz-md_parallax&#8221;][vc_column css=&#8221;.vc_custom_1463045486032{padding-top: 40px !important;padding-bottom: px !important;}&#8221;][vc_row_inner][vc_column_inner width=&#8221;1\/2&#8243; css=&#8221;.vc_custom_1490784178175{margin-top: 40px !important;}&#8221;][vc_column_text css=&#8221;.vc_custom_1617716162310{margin-bottom: 15px !important;}&#8221;]Ezeken k\u00edv\u00fcl Szent Spyridon sok csod\u00e1t is tett, p\u00e9ld\u00e1ul visszaadta elvesztett l\u00e1t\u00e1s\u00e1t Theodoros keleti keresked\u0151nek. Korfun a k\u00f6vetkez\u0151 nemes napokat szentelj\u00fck neki:[\/vc_column_text]<div class=\"slz-shortcode group-list \"><ul class=\"list-unstyled about-us-list\"><li><p class=\"text\">Vir\u00e1gvas\u00e1rnap: A lit\u00e1ni\u00e1t Szent Spyridonnak szentelik, ami\u00e9rt el\u0151sz\u00f6r mentette meg a szigetet a pestist\u0151l.<\/p><\/li><li><p class=\"text\">Nagyszombat: A lit\u00e1ni\u00e1t Szent Spyridonnak szentelik, ami\u00e9rt megmentette a szigetet az \u00e9h\u00edns\u00e9gt\u0151l.<\/p><\/li><li><p class=\"text\">Augusztus 11.: A lit\u00e1ni\u00e1t Szent Spyridonnak szentelik, ami\u00e9rt nem engedte, hogy az Oszm\u00e1n Birodalom Korfut ostromolja.<\/p><\/li><li><p class=\"text\">J\u00falius 13.: Az egyh\u00e1z megeml\u00e9kezik Szent Spyridon csod\u00e1j\u00e1r\u00f3l, amely visszaadta Theodoros l\u00e1t\u00e1s\u00e1t.<\/p><\/li><li><p class=\"text\">November 1. vas\u00e1rnap: A lit\u00e1ni\u00e1t m\u00e1sodik alkalommal szentelik annak, hogy Szent Spyridon ki\u0171zte a pestist a szigetr\u0151l \u00e9s megmentette a sziget lak\u00f3it.<\/p><\/li><li><p class=\"text\">December 12.: Korfu Szent Spyridon eml\u00e9k\u00e9t \u00fcnnepli a Protector eml\u00e9k\u00e9vel egy\u00fctt, tov\u00e1bb\u00e1 az \u00f6sszes Spyros vagy Spyridoula nev\u0171 f\u00e9rfit \u00e9s n\u0151t.<\/p><\/li><\/ul><\/div>[\/vc_column_inner][vc_column_inner width=&#8221;1\/2&#8243;][vc_single_image image=&#8221;3144&#8243; img_size=&#8221;large&#8221;][\/vc_column_inner][\/vc_row_inner][\/vc_column][\/vc_row]<\/p>\n","protected":false},"excerpt":{"rendered":"<p>[vc_row full_width=&#8221;stretch_row&#8221; css=&#8221;.vc_custom_1476806023460{padding-top: 60px !important;padding-bottom: 80px !important;}&#8221;][vc_column css=&#8221;.vc_custom_1463045486032{padding-top: 40px !important;padding-bottom: px !important;}&#8221;][vc_row_inner][vc_column_inner width=&#8221;1\/2&#8243;][vc_empty_space][vc_single_image image=&#8221;3150&#8243; img_size=&#8221;large&#8221;][\/vc_column_inner][vc_column_inner width=&#8221;1\/2&#8243; css=&#8221;.vc_custom_1490783378269{margin-top: 155px !important;}&#8221;][vc_column_text]Szent Spyridon a 4. sz\u00e1zadban sz\u00fcletett Askeia-ban, Cipruson. N\u0151s volt, l\u00e1ny\u00e1t Irene-nek nevezte el, \u00e9s p\u00e1sztork\u00e9nt dolgozott. Feles\u00e9ge hal\u00e1lakor \u00fagy d\u00f6nt\u00f6tt, hogy Istennek szenteli \u00e9let\u00e9t. Ezt k\u00f6vet\u0151en \u0151t v\u00e1lasztott\u00e1k Trimithosz p\u00fcsp\u00f6k\u00e9v\u00e9. Ismert volt Isten ir\u00e1nti elk\u00f6telezetts\u00e9g\u00e9r\u0151l, az [&hellip;]<\/p>\n","protected":false},"author":1,"featured_media":0,"parent":0,"menu_order":0,"comment_status":"closed","ping_status":"closed","template":"","meta":[],"_links":{"self":[{"href":"https:\/\/www.corfutouristservices.gr\/hu\/wp-json\/wp\/v2\/pages\/25227\/"}],"collection":[{"href":"https:\/\/www.corfutouristservices.gr\/hu\/wp-json\/wp\/v2\/pages\/"}],"about":[{"href":"https:\/\/www.corfutouristservices.gr\/hu\/wp-json\/wp\/v2\/types\/page\/"}],"author":[{"embeddable":true,"href":"https:\/\/www.corfutouristservices.gr\/hu\/wp-json\/wp\/v2\/users\/1\/"}],"replies":[{"embeddable":true,"href":"https:\/\/www.corfutouristservices.gr\/hu\/wp-json\/wp\/v2\/comments\/?post=25227"}],"version-history":[{"count":3,"href":"https:\/\/www.corfutouristservices.gr\/hu\/wp-json\/wp\/v2\/pages\/25227\/revisions\/"}],"predecessor-version":[{"id":25228,"href":"https:\/\/www.corfutouristservices.gr\/hu\/wp-json\/wp\/v2\/pages\/25227\/revisions\/25228\/"}],"wp:attachment":[{"href":"https:\/\/www.corfutouristservices.gr\/hu\/wp-json\/wp\/v2\/media\/?parent=25227"}],"curies":[{"name":"wp","href":"https:\/\/api.w.org\/{rel}","templated":true}]}}