{"id":25263,"date":"2021-04-07T10:08:26","date_gmt":"2021-04-07T07:08:26","guid":{"rendered":"https:\/\/www.corfutouristservices.gr\/special-events-corfu-tourist-services-copy\/"},"modified":"2021-04-11T12:55:22","modified_gmt":"2021-04-11T09:55:22","slug":"special-events-corfu-tourist-services","status":"publish","type":"page","link":"https:\/\/www.corfutouristservices.gr\/hu\/special-events-corfu-tourist-services\/","title":{"rendered":"Special Events in Corfu"},"content":{"rendered":"<p>[vc_row css=&#8221;.vc_custom_1476800663903{padding-top: 60px !important;padding-bottom: 60px !important;}&#8221;][vc_column css=&#8221;.vc_custom_1477045552088{padding-top: 40px !important;padding-bottom: px !important;}&#8221; el_class=&#8221;about-cfu&#8221;]<div class=\"slz-shortcode block-title-177877063669efdb853044a \">\r\n\r\n\t<div class=\"group-title\">\r\n\t\t<div class=\"sub-title\">\r\n\t\t<\/div><h2 class=\"main-title\">KORFU AZ IDE\u00c1LIS HELYSZ\u00cdN K\u00dcL\u00d6NLEGES ESEM\u00c9NYEK LEBONYOLIT\u00c1S\u00c1HOZ<\/h2>\r\n\t<\/div><\/div>\r\n[vc_column_text css=&#8221;.vc_custom_1617779477169{margin-bottom: 15px !important;}&#8221;]<\/p>\n<p style=\"text-align: center;\">A sziget arisztokratikus szellemis\u00e9g\u00e9nek, gazdag kult\u00far\u00e1j\u00e1nak, mesesz\u00e9p t\u00e1jainak \u00e9s gy\u00f6ny\u00f6r\u0171 helysz\u00edneinek k\u00f6sz\u00f6nhet\u0151en \u00e9vente t\u00f6bb ezer embert var\u00e1zsol el, \u00e9s t\u00f6bb sz\u00e1z embert buzd\u00edt arra, hogy a szigeten tett l\u00e1togat\u00e1s\u00e1t m\u00e9g eml\u00e9kezetesebb\u00e9 tegye valamilyen k\u00fcl\u00f6nleges esem\u00e9nnyel kieg\u00e9sz\u00edtve. PR csapatunk rendelkez\u00e9sedre \u00e1ll, hogy seg\u00edtsen b\u00e1rmilyen sz\u00e1modra fontos esem\u00e9ny hat\u00e9kony \u00e9s eredm\u00e9nyes megtervez\u00e9s\u00e9ben \u00e9s lebonyol\u00edt\u00e1s\u00e1ban. \u00d6r\u00f6mmel seg\u00edt\u00fcnk megszervezni az esk\u00fcv\u0151d, h\u00e1zass\u00e1gi vagy egy\u00e9b \u00e9vfordul\u00f3d, keresztel\u0151d, n\u00e9vnapi vagy sz\u00fclet\u00e9snapi partid, vagy egyszer\u0171en csak egy k\u00fcl\u00f6nleges \u00e9jszak\u00e1dat egy k\u00e9nyelmes sz\u00e1ll\u00e1son.<\/p>\n<p>[\/vc_column_text][\/vc_column][\/vc_row][vc_row full_width=&#8221;stretch_row&#8221; el_class=&#8221;slz-bg_parallax&#8221; css=&#8221;.vc_custom_1490698282352{padding-top: 100px !important;padding-bottom: 100px !important;background-image: url(https:\/\/www.corfutouristservices.gr\/wp-content\/uploads\/2017\/03\/weddings-in-corfu-corfu-tourist-services.jpg?id=3034) !important;}&#8221;][vc_column css=&#8221;.vc_custom_1463036613861{padding-top: 0px !important;}&#8221;]<div class=\"slz-shortcode block-title-183349337369efdb8530a30 white\">\r\n<h3 class=\"title-style-2\">ESK\u00dcV\u0150 KORFUN<\/h3><\/div>\r\n[vc_row_inner][vc_column_inner width=&#8221;1\/2&#8243;][vc_column_text]<\/p>\n<h5 style=\"margin-top: -33px; margin-bottom: 40px; text-transform: uppercase;\"><span style=\"color: #ffffff;\">MEGTAL\u00c1LTAD A LELKI T\u00c1RSAD \u00c9S \u00daGY \u00c9RZED ITT AZ ID\u0150 MEGK\u00d6TNI A FRIGYET?<\/span><\/h5>\n<p><span style=\"color: #ffffff;\">Megtiszteltet\u00e9s lenne sz\u00e1munkra, ha megb\u00edzn\u00e1l minket \u00e9leted egyik legszebb napj\u00e1nak megszervez\u00e9s\u00e9vel. K\u00fcl\u00f6nleges esk\u00fcv\u0151i t\u00e9m\u00e1j\u00fa csomagokat hoztunk l\u00e9tre t\u00f6bbfajta k\u00f6lts\u00e9gvet\u00e9s \u00e9s \u00edzl\u00e9s szerint, hogy ne legyen gondod semmire. Tudom\u00e1sul vessz\u00fck azt a t\u00e9nyt, hogy minden menyasszony ezt a napot a maga egyedi m\u00f3dj\u00e1n \u00e1lmodja meg, ez\u00e9rt b\u00e1rmelyik csomagot v\u00e1lasztod, garant\u00e1ljuk, hogy azt a lehet\u0151 legvar\u00e1zslatosabban, diszkr\u00e9ten, professzion\u00e1lisan hajtjuk v\u00e9gre. Csomagjaink hamarosan felt\u00f6lt\u00e9sre ker\u00fclnek. Addig k\u00e9rdezz t\u0151l\u00fcnk b\u00e1tran, \u00f6r\u00f6mmel ny\u00fajtunk b\u0151vebb t\u00e1j\u00e9koztat\u00e1st.<\/span>[\/vc_column_text][\/vc_column_inner][vc_column_inner width=&#8221;1\/2&#8243;][\/vc_column_inner][\/vc_row_inner][\/vc_column][\/vc_row][vc_row full_width=&#8221;stretch_row&#8221; css=&#8221;.vc_custom_1476806023460{padding-top: 60px !important;padding-bottom: 80px !important;}&#8221;][vc_column css=&#8221;.vc_custom_1463045486032{padding-top: 40px !important;padding-bottom: px !important;}&#8221;][vc_row_inner][vc_column_inner width=&#8221;1\/2&#8243;][vc_single_image image=&#8221;3036&#8243; img_size=&#8221;large&#8221;][\/vc_column_inner][vc_column_inner width=&#8221;1\/2&#8243; css=&#8221;.vc_custom_1490695628042{margin-top: 88px !important;}&#8221;]<div class=\"slz-shortcode block-title-188619088669efdb8530c1b \">\r\n<h3 class=\"title-style-2\">\u00c9VFORDUL\u00d3 KORFUN<\/h3><\/div>\r\n[vc_column_text css=&#8221;.vc_custom_1617779694650{margin-bottom: 15px !important;}&#8221;]A hosszan tart\u00f3 szerelem meg\u00fcnnepl\u00e9se az egyik legszebb megeml\u00e9kez\u00e9s egy p\u00e1r sz\u00e1m\u00e1ra. C\u00e9lunk, hogy az \u00e9vfordul\u00f3tok \u00e9letetek egyik legromantikusabb napja legyen, f\u00fcggetlen\u00fcl att\u00f3l, hogy az 1. vagy az 50. egy\u00fctt t\u00f6lt\u00f6tt \u00e9vet koron\u00e1zz\u00e1tok meg a szigeten.<\/p>\n<p>Ha az a terved, hogy csak a p\u00e1roddal kettesben t\u00f6lt\u00f6d el a napot, vagy osztozol az \u00f6r\u00f6m\u00f6dben a csal\u00e1doddal, esetleg a bar\u00e1taiddal is, mi seg\u00edt\u00fcnk a szervez\u00e9sben az els\u0151 l\u00e9p\u00e9st\u0151l az utols\u00f3 pillanatig.[\/vc_column_text][\/vc_column_inner][\/vc_row_inner][\/vc_column][\/vc_row][vc_row full_width=&#8221;stretch_row_content_no_spaces&#8221; el_class=&#8221;slz-bg_parallax&#8221; css=&#8221;.vc_custom_1476809632123{padding-bottom: 100px !important;}&#8221;][vc_column]<div class=\"slz-shortcode videos layout-2 padding-top banner-104805720969efdb8530df8 \"><div class=\"container\"><div class=\"row\"><div class=\"col-md-8 col-md-offset-2\"><div class=\"video-wrapper\"><h2 style=\"text-align: center\">KERESZTEL\u0150 KORFUN<\/h2>\n<p style=\"text-align: center\">Egy gyermek vagy n\u00e9ha egy feln\u0151tt megkeresztel\u00e9se rendk\u00edv\u00fcl fontos szertart\u00e1s az ortodox k\u00f6z\u00f6ss\u00e9gben. A vall\u00e1s hagyom\u00e1nyaira val\u00f3 tekintettel k\u00e9pesek vagyunk megtervezni \u00e9s kivitelezni a keresztel\u0151t pontosan \u00fagy, ahogy Te szeretn\u00e9d. Konzult\u00e1lj vel\u00fcnk, k\u00e9rdezz csomagjainkr\u00f3l \u00e9s meg\u00edg\u00e9rj\u00fck, hogy megszervez\u00fcnk egy olyan keresztel\u00e9si szertart\u00e1st, amelyet soha nem fogsz elfelejteni.<\/p>\n<div class=\"video-thumbnail\">\r\n\t\t\t\t\t<div class=\"video-bg\">\r\n\t\t\t\t\t\t<img src=\"https:\/\/www.corfutouristservices.gr\/wp-content\/uploads\/2017\/03\/baptism-corfu-tourist-services.jpg\" alt=\"\" class=\"img-responsive\">\r\n\t\t\t\t\t<\/div>\r\n\t\t\t\t\t<div class=\"video-button-play\"><i class=\"icons fa fa-play\"><\/i><\/div>\r\n\t\t\t\t\t<div class=\"video-button-close\"><\/div>\r\n\t\t\t\t\t<iframe src=\"https:\/\/www.youtube.com\/embed\/a?rel=0\" allowfullscreen=\"allowfullscreen\" class=\"video-embed\"><\/iframe>\r\n\t\t\t\t\t<\/div><\/div><\/div><\/div><\/div><\/div>[\/vc_column][\/vc_row][vc_row full_width=&#8221;stretch_row&#8221; css=&#8221;.vc_custom_1490695762621{padding-top: 15px !important;padding-bottom: 80px !important;}&#8221; el_class=&#8221;slz-md_parallax&#8221;][vc_column css=&#8221;.vc_custom_1463045486032{padding-top: 40px !important;padding-bottom: px !important;}&#8221;][vc_row_inner][vc_column_inner width=&#8221;1\/2&#8243; css=&#8221;.vc_custom_1490695859838{margin-top: 115px !important;}&#8221;]<div class=\"slz-shortcode block-title-13390165669efdb8531534 \">\r\n<h3 class=\"title-style-2\">PARTI\/ K\u00dcL\u00d6NLEGES \u00c9JSZAKA KORFUN<\/h3><\/div>\r\n[vc_column_text css=&#8221;.vc_custom_1617779795677{margin-bottom: 15px !important;}&#8221;]Ak\u00e1r nagyszab\u00e1s\u00fa vagy szol\u00eddabb alkalomr\u00f3l legyen is sz\u00f3, sz\u00e1mos kiv\u00e1l\u00f3 min\u0151s\u00e9g\u0171 szolg\u00e1ltat\u00e1st ny\u00fajtunk, bele\u00e9rtve a helysz\u00edn b\u00e9rl\u00e9s\u00e9t, \u00e9l\u0151 zen\u00e9t, DJ-t, vend\u00e9gl\u00e1t\u00e1st, vil\u00e1g\u00edt\u00e1stechnikai eszk\u00f6z\u00f6ket, dekor\u00e1ci\u00f3t, megh\u00edv\u00f3kat, sof\u0151rszolg\u00e1latot a sz\u00e1ll\u00e1sr\u00f3l a helysz\u00ednre, \u00e9s mindent egyebet, amit csak szeretn\u00e9l. Csak d\u0151lj h\u00e1tra, \u00e9lvezd az \u00e9jszak\u00e1t \u00e9s engedd \u00e1t nek\u00fcnk a professzion\u00e1lis szervez\u00e9st.[\/vc_column_text][\/vc_column_inner][vc_column_inner width=&#8221;1\/2&#8243;][vc_single_image image=&#8221;3037&#8243; img_size=&#8221;large&#8221;][\/vc_column_inner][\/vc_row_inner][\/vc_column][\/vc_row]<\/p>\n","protected":false},"excerpt":{"rendered":"<p>[vc_row css=&#8221;.vc_custom_1476800663903{padding-top: 60px !important;padding-bottom: 60px !important;}&#8221;][vc_column css=&#8221;.vc_custom_1477045552088{padding-top: 40px !important;padding-bottom: px !important;}&#8221; el_class=&#8221;about-cfu&#8221;][vc_column_text css=&#8221;.vc_custom_1617779477169{margin-bottom: 15px !important;}&#8221;] A sziget arisztokratikus szellemis\u00e9g\u00e9nek, gazdag kult\u00far\u00e1j\u00e1nak, mesesz\u00e9p t\u00e1jainak \u00e9s gy\u00f6ny\u00f6r\u0171 helysz\u00edneinek k\u00f6sz\u00f6nhet\u0151en \u00e9vente t\u00f6bb ezer embert var\u00e1zsol el, \u00e9s t\u00f6bb sz\u00e1z embert buzd\u00edt arra, hogy a szigeten tett l\u00e1togat\u00e1s\u00e1t m\u00e9g eml\u00e9kezetesebb\u00e9 tegye valamilyen k\u00fcl\u00f6nleges esem\u00e9nnyel kieg\u00e9sz\u00edtve. PR csapatunk rendelkez\u00e9sedre \u00e1ll, [&hellip;]<\/p>\n","protected":false},"author":1,"featured_media":0,"parent":0,"menu_order":0,"comment_status":"closed","ping_status":"closed","template":"","meta":[],"_links":{"self":[{"href":"https:\/\/www.corfutouristservices.gr\/hu\/wp-json\/wp\/v2\/pages\/25263\/"}],"collection":[{"href":"https:\/\/www.corfutouristservices.gr\/hu\/wp-json\/wp\/v2\/pages\/"}],"about":[{"href":"https:\/\/www.corfutouristservices.gr\/hu\/wp-json\/wp\/v2\/types\/page\/"}],"author":[{"embeddable":true,"href":"https:\/\/www.corfutouristservices.gr\/hu\/wp-json\/wp\/v2\/users\/1\/"}],"replies":[{"embeddable":true,"href":"https:\/\/www.corfutouristservices.gr\/hu\/wp-json\/wp\/v2\/comments\/?post=25263"}],"version-history":[{"count":3,"href":"https:\/\/www.corfutouristservices.gr\/hu\/wp-json\/wp\/v2\/pages\/25263\/revisions\/"}],"predecessor-version":[{"id":25271,"href":"https:\/\/www.corfutouristservices.gr\/hu\/wp-json\/wp\/v2\/pages\/25263\/revisions\/25271\/"}],"wp:attachment":[{"href":"https:\/\/www.corfutouristservices.gr\/hu\/wp-json\/wp\/v2\/media\/?parent=25263"}],"curies":[{"name":"wp","href":"https:\/\/api.w.org\/{rel}","templated":true}]}}